{"id":221068,"date":"2025-02-13T17:22:46","date_gmt":"2025-02-13T16:22:46","guid":{"rendered":"https:\/\/www.uauu.cat\/?page_id=221068"},"modified":"2025-10-02T12:43:26","modified_gmt":"2025-10-02T10:43:26","slug":"politica-de-privacidad","status":"publish","type":"page","link":"https:\/\/www.uauu.cat\/es\/politica-de-privacidad\/","title":{"rendered":"Pol\u00edtica de privacidad"},"content":{"rendered":"[et_pb_section fb_built=\u00bb1&#8243; custom_padding_last_edited=\u00bbon|tablet\u00bb admin_label=\u00bbHero\u00bb _builder_version=\u00bb4.27.0&#8243; use_background_color_gradient=\u00bbon\u00bb background_color_gradient_direction=\u00bb90deg\u00bb background_color_gradient_stops=\u00bbrgba(253,247,226,0.2) 89%|#0a0a0a 89%\u00bb background_color_gradient_start=\u00bb#F0EDEE\u00bb background_color_gradient_start_position=\u00bb65%\u00bb background_color_gradient_end=\u00bb#F9F6F5&#8243; background_color_gradient_end_position=\u00bb0%\u00bb background_image=\u00bbhttps:\/\/www.uauu.cat\/wp-content\/uploads\/2025\/02\/como-elegir-ramo-novia-ideal.jpg\u00bb background_size=\u00bbinitial\u00bb background_position=\u00bbtop_left\u00bb background_vertical_offset=\u00bb76%\u00bb custom_padding=\u00bb78px||65px|||\u00bb custom_padding_tablet=\u00bb0vw|||\u00bb custom_padding_phone=\u00bb\u00bb global_colors_info=\u00bb{}\u00bb][et_pb_row make_equal=\u00bbon\u00bb disabled_on=\u00bboff|off|off\u00bb _builder_version=\u00bb4.27.0&#8243; background_enable_color=\u00bboff\u00bb background_enable_video_mp4=\u00bboff\u00bb width=\u00bb100%\u00bb max_width=\u00bb100%\u00bb use_custom_width=\u00bbon\u00bb width_unit=\u00bboff\u00bb custom_width_percent=\u00bb100%\u00bb global_colors_info=\u00bb{}\u00bb][et_pb_column type=\u00bb4_4&#8243; _builder_version=\u00bb4.25.0&#8243; background_enable_image=\u00bboff\u00bb custom_padding=\u00bb|||\u00bb global_colors_info=\u00bb{}\u00bb custom_padding__hover=\u00bb|||\u00bb][et_pb_text _builder_version=\u00bb4.27.4&#8243; _module_preset=\u00bbdefault\u00bb header_font=\u00bb&#8211;et_global_body_font||||||||\u00bb header_text_align=\u00bbcenter\u00bb header_text_color=\u00bb#FFFFFF\u00bb header_font_size=\u00bb39px\u00bb global_colors_info=\u00bb{}\u00bb]\n<h1 style=\"text-align: center;\">Pol\u00edtica de privacidad y protecci\u00f3n de datos<\/h1>\n[\/et_pb_text][\/et_pb_column][\/et_pb_row][\/et_pb_section][et_pb_section fb_built=\u00bb1&#8243; _builder_version=\u00bb4.27.0&#8243; _module_preset=\u00bbdefault\u00bb custom_padding=\u00bb10px|||||\u00bb global_colors_info=\u00bb{}\u00bb][et_pb_row _builder_version=\u00bb4.27.0&#8243; _module_preset=\u00bbdefault\u00bb global_colors_info=\u00bb{}\u00bb][et_pb_column type=\u00bb4_4&#8243; _builder_version=\u00bb4.27.0&#8243; _module_preset=\u00bbdefault\u00bb global_colors_info=\u00bb{}\u00bb][et_pb_text _builder_version=\u00bb4.27.4&#8243; _module_preset=\u00bbdefault\u00bb text_font=\u00bb&#8211;et_global_body_font||||||||\u00bb link_font=\u00bb||||on||||\u00bb link_text_color=\u00bb#874800&#8243; header_3_font=\u00bb&#8211;et_global_body_font||||||||\u00bb header_3_text_color=\u00bb#4D4D4D\u00bb global_colors_info=\u00bb{}\u00bb]\n<p><span style=\"vertical-align: inherit;\">En cumplimiento de las obligaciones legales establecidas en el Reglamento (UE) 2016\/679 del Parlamento Europeo y del Consejo, de 27 de abril de 2016, relativo a la protecci\u00f3n de las personas f\u00edsicas en lo que respecta al tratamiento de datos personales ya la libre circulaci\u00f3n de estos datos (RGPD) y la Ley Org\u00e1nica 3\/2018, de 5 de diciembre, de Protecci\u00f3n de datos de Car\u00e1cter personales y Garant\u00eda de los Derechos Digitales (LOPDGDD), a continuaci\u00f3n se detalla la pol\u00edtica de tratamiento y utilizaci\u00f3n de los datos personales cedidos a CAROL GASTRONOM\u00cdA, SL (en adelante, CAROL GASTRONOM\u00cdA, SL) por parte de sus clientes y \/ o usuarios.<\/span><\/p>\n<p><span style=\"vertical-align: inherit;\">La presente Pol\u00edtica de Privacidad podr\u00e1 ser actualizada en cualquier momento para adaptarla a las eventuales modificaciones normativas que pudieran convertirse aplicables, o bien para reforzar la seguridad. En caso de producirse cualquier tipo de modificaci\u00f3n, la empresa notificar\u00e1 debidamente a los clientes y usuarios de los cambios realizados en el tratamiento de sus datos personales.<\/span><\/p>\n<p><span style=\"vertical-align: inherit;\">A los efectos de la presente Pol\u00edtica de Privacidad, debe entenderse como \u00abUsuario\u00bb toda persona f\u00edsica interesada en los productos y servicios que CAROL GASTRONOM\u00cdA, SL ofrece a trav\u00e9s de cualquiera de los canales habilitados.<\/span><\/p>\n<p><span style=\"vertical-align: inherit;\">CAROL GASTRONOM\u00cdA, SL, como <\/span><strong><span style=\"vertical-align: inherit;\">responsable del tratamiento<\/span><\/strong><span style=\"vertical-align: inherit;\"> , informar\u00e1 al Usuario, con car\u00e1cter previo a la aportaci\u00f3n de sus datos de car\u00e1cter personal, de la presente Pol\u00edtica de Privacidad, solicitando su consentimiento, cuando sea necesario, as\u00ed como para cualquier otro aspecto que requiera su previa autorizaci\u00f3n. El objetivo de la Pol\u00edtica de Privacidad de CAROL GASTRONOM\u00cdA, SL es dar transparencia a la informaci\u00f3n sobre el tratamiento de los datos en nuestros Sistemas de Informaci\u00f3n y los datos que el usuario pueda ceder a la empresa.<\/span><\/p>\n<h2><span style=\"vertical-align: inherit;\">1.- RESPONSABLE DEL TRATAMIENTO<\/span><\/h2>\n<table width=\"100%\" cellspacing=\"0\">\n<tbody>\n<tr>\n<td style=\"background: #f2f2f2; padding: 10px;\" colspan=\"2\" bgcolor=\"#f2f2f2\"><span style=\"vertical-align: inherit;\">datos identificativos<\/span><\/td>\n<\/tr>\n<tr>\n<td style=\"padding: 10px;\" width=\"190\"><span style=\"vertical-align: inherit;\">identidad<\/span><\/td>\n<td style=\"padding: 10px;\"><span style=\"vertical-align: inherit;\">CAROL GASTRONOM\u00cdA, SL<\/span><\/td>\n<\/tr>\n<tr>\n<td style=\"padding: 10px;\" width=\"190\"><span style=\"vertical-align: inherit;\">CIF<\/span><\/td>\n<td style=\"padding: 10px;\"><span style=\"vertical-align: inherit;\">B-66216946<\/span><\/td>\n<\/tr>\n<tr>\n<td style=\"padding: 10px;\" width=\"190\"><span style=\"vertical-align: inherit;\">datos registrales<\/span><\/td>\n<td style=\"padding: 10px;\"><span style=\"vertical-align: inherit;\">Inscrita en el Registro Mercantil de Barcelona, \u200b\u200bTomo, Folio, Hoja, inscripci\u00f3n.<\/span><\/td>\n<\/tr>\n<tr>\n<td style=\"padding: 10px;\" width=\"190\"><span style=\"vertical-align: inherit;\">direcci\u00f3n postal<\/span><\/td>\n<td style=\"padding: 10px;\"><span style=\"vertical-align: inherit;\">Avda. Mestre Muntaner, 44. 08700 Igualada, Barcelona.<\/span><\/td>\n<\/tr>\n<tr>\n<td style=\"padding: 10px;\" width=\"190\"><span style=\"vertical-align: inherit;\">Tel\u00e9fono y fax<\/span><\/td>\n<td style=\"padding: 10px;\"><span style=\"vertical-align: inherit;\">634438736<\/span><\/td>\n<\/tr>\n<tr>\n<td style=\"padding: 10px;\" width=\"190\"><span style=\"vertical-align: inherit;\">correo electr\u00f3nico<\/span><\/td>\n<td style=\"padding: 10px;\"><a href=\"mailto:info@uauu.cat\"><span style=\"color: #333333;\"><span style=\"vertical-align: inherit;\">info@uauu.cat<\/span><\/span><\/a><\/td>\n<\/tr>\n<\/tbody>\n<\/table>\n<p>&nbsp;<\/p>\n<h2><span style=\"vertical-align: inherit;\">2.- FINALIDAD Y LEGITIMACI\u00d3N<\/span><\/h2>\n<h3><span style=\"vertical-align: inherit;\">\u00bfCon qu\u00e9 finalidad tratamos los datos personales de los clientes y usuarios?<\/span><\/h3>\n<ul>\n<li><strong><span style=\"vertical-align: inherit;\">Finalidades de naturaleza contractual para la prestaci\u00f3n de servicios. <\/span><\/strong><span style=\"vertical-align: inherit;\">En cumplimiento de un contrato, acuerdo o encargo, realizado y \/ o formalizado en cualquiera de las modalidades aceptadas en derecho, para la prestaci\u00f3n de los servicios propios de la actividad empresarial de CAROL GASTRONOM\u00cdA, SL, as\u00ed como para la comunicaci\u00f3n y informaci\u00f3n relacionada con los productos y \/ o servicios contratados y \/ o solicitados. <\/span><br \/><span style=\"vertical-align: inherit;\"><br \/>Los datos facilitados ser\u00e1n los estrictamente necesarios para la prestaci\u00f3n del servicio, el mantenimiento de la relaci\u00f3n contractual y la comunicaci\u00f3n bilateral entre las partes. El hecho de no facilitar esta informaci\u00f3n supondr\u00eda la imposibilidad de prestar el servicio de manera \u00f3ptima, profesional y ajustada a las tareas encargadas a CAROL GASTRONOM\u00cdA, SL, evitando su normal desarrollo y ejecuci\u00f3n.<\/span><\/li>\n<li><strong><span style=\"vertical-align: inherit;\">Finalidades que requieren consentimiento. <\/span><\/strong><span style=\"vertical-align: inherit;\">Se requerir\u00e1 consentimiento espec\u00edfico para el tratamiento de datos personales con fines diferentes a las legitimadas en base una relaci\u00f3n contractual para la prestaci\u00f3n de servicios y, m\u00e1s concretamente, las relacionadas con acciones comerciales y \/ o publicitarias dirigidas al Usuario mediante cualquier canal, especialmente en cuanto a las comunicaciones electr\u00f3nicas.<\/span><br \/><span style=\"vertical-align: inherit;\"><br \/>En todo caso, no se requerir\u00e1 consentimiento expl\u00edcito de los clientes y \/ o usuarios para el tratamiento de sus datos con fines comerciales e informativas si estos las han cedido, libre y voluntaria, para su recepci\u00f3n mediante cualquiera de los formularios y \/ o herramientas habilitadas al efecto, o si este contenido forma parte de los servicios previamente contratados, siendo estos considerados como una prestaci\u00f3n de servicios continuado y complementario del principal.<\/span><\/li>\n<li><span style=\"vertical-align: inherit;\">Este consentimiento ser\u00e1 vigente aunque haya finalizado la relaci\u00f3n con CAROL GASTRONOM\u00cdA, SL, sin perjuicio de que se pueda manifestar lo contrario a partir del ejercicio de los derechos respecto a los datos de car\u00e1cter personal facilitados por el interesado previstos en la normativa reguladora, y de acuerdo con la presente pol\u00edtica de privacidad.<\/span><\/li>\n<\/ul>\n<h3><span style=\"vertical-align: inherit;\">Por cu\u00e1nto tiempo se conservan los datos personales?<\/span><\/h3>\n<p><span style=\"vertical-align: inherit;\">Los datos personales de los usuarios se mantendr\u00e1n mientras dure la relaci\u00f3n contractual con CAROL GASTRONOM\u00cdA, SL y \/ o se mantenga la finalidad para la que fueron cedidas.<\/span><\/p>\n<p><span style=\"vertical-align: inherit;\">Los datos de los usuarios suscriptores a la newsletter y noticias relacionadas con la actividad de CAROL GASTRONOM\u00cdA, SL por correo electr\u00f3nico se conservar\u00e1n durante el tiempo que el interesado mantenga vigente la suscripci\u00f3n y hasta el momento que solicite su baja.<\/span><\/p>\n<h3><span style=\"vertical-align: inherit;\">Qui\u00e9n tiene acceso a los datos personales cedidos a CAROL GASTRONOM\u00cdA, SL?<\/span><\/h3>\n<p><span style=\"vertical-align: inherit;\">Los datos tratados por CAROL GASTRONOM\u00cdA, SL son utilizadas por parte de los profesionales de la empresa asignados para la correcta gesti\u00f3n y prestaci\u00f3n de los diferentes servicios, contando con las debidas autorizaciones de acceso para cada uno de ellos a partir de sistemas efectivos de protecci\u00f3n y confidencialidad.<\/span><\/p>\n<p><span style=\"vertical-align: inherit;\">Sin embargo, los datos personales podr\u00e1n ser comunicados, cuando proceda, a:<\/span><\/p>\n<ul>\n<li><span style=\"vertical-align: inherit;\">Las empresas titularidad y \/ o participadas por CAROL GASTRONOM\u00cdA, SL para la correcta ejecuci\u00f3n de los servicios, as\u00ed como para el desarrollo de acciones de informaci\u00f3n, comerciales y \/ o de promoci\u00f3n, para la contrataci\u00f3n de productos y servicios con cualquiera de estas entidades y para la gesti\u00f3n de las relaciones que puedan mantener con estas para satisfacci\u00f3n de las necesidades y requerimientos de los clientes.<\/span><\/li>\n<li><span style=\"vertical-align: inherit;\">Organismos p\u00fablicos, Juzgados y Tribunales, as\u00ed como autoridades policiales y administrativas, siempre que exista la obligaci\u00f3n legal y certificada de facilitarlas. En este caso, CAROL GASTRONOM\u00cdA, SL informar\u00e1 debidamente a los interesados \u200b\u200bsi se produjera dicho supuesto.<\/span><\/li>\n<li><span style=\"vertical-align: inherit;\">Colaboradores de CAROL GASTRONOM\u00cdA, SL que gestionen servicios externalizados por CAROL GASTRONOM\u00cdA, SL. La relaci\u00f3n contractual con estos colaboradores garantiza la seguridad, privacidad y confidencialidad en el tratamiento de los datos personales de los clientes a partir de los correspondientes mecanismos legales de protecci\u00f3n establecidos entre las partes, asegurando el respeto a los roles de responsable y encargado de los datos de acuerdo con la normativa reguladora que resulta de aplicaci\u00f3n.<\/span><br \/><span style=\"vertical-align: inherit;\"><br \/>En todos los casos, CAROL GASTRONOM\u00cdA, SL suscribe el correspondiente contrato de tratamiento de datos por cuenta de terceros con los proveedores y colaboradores mediante el cual se impone, entre otras obligaciones, la aplicaci\u00f3n de las medidas t\u00e9cnicas y organizativas adecuadas, el tratamiento de los datos personales \u00fanica y exclusivamente para los fines pactadas y atendiendo a las instrucciones dictadas por CAROL GASTRONOM\u00cdA, SL, as\u00ed como la prescripci\u00f3n de suprimir y volver los datos una vez finalice la prestaci\u00f3n de servicios. <\/span><br \/><span style=\"vertical-align: inherit;\"><br \/>No se transfieren ni ceden los datos personales de los clientes de CAROL GASTRONOM\u00cdA, SL a terceros pa\u00edses con fines ni comerciales, ni ning\u00fan tipo.<\/span><\/li>\n<\/ul>\n<p>&nbsp;<\/p>\n<h2><span style=\"vertical-align: inherit;\">3. DERECHOS<\/span><\/h2>\n<h3><span style=\"vertical-align: inherit;\">\u00bfCu\u00e1les son los derechos de los usuarios?<\/span><\/h3>\n<p><span style=\"vertical-align: inherit;\">CAROL GASTRONOM\u00cdA, SL informa al Usuario sobre la posibilidad de ejercer los derechos de acceso, rectificaci\u00f3n, oposici\u00f3n, supresi\u00f3n, portabilidad y limitaci\u00f3n del tratamiento, as\u00ed como a rechazar el tratamiento de perfiles automatizados de los datos personales recogidos por el empresa.<\/span><\/p>\n<table width=\"100%\" cellspacing=\"0\">\n<tbody>\n<tr>\n<td style=\"background: #f2f2f2; padding: 10px;\" colspan=\"2\" bgcolor=\"#f2f2f2\"><strong><span style=\"vertical-align: inherit;\">Derechos respecto a los datos de car\u00e1cter personal facilitados<\/span><\/strong><\/td>\n<\/tr>\n<tr>\n<td style=\"padding: 10px;\" width=\"190\"><strong><span style=\"vertical-align: inherit;\">acceso<\/span><\/strong><\/td>\n<td style=\"padding: 10px;\"><span style=\"vertical-align: inherit;\">Derecho a acceder y consultar los datos personales de su titularidad que abren los ficheros de CAROL GASTRONOM\u00cdA, SL.<\/span><\/td>\n<\/tr>\n<tr>\n<td style=\"padding: 10px;\" width=\"190\"><strong><span style=\"vertical-align: inherit;\">rectificaci\u00f3n<\/span><\/strong><\/td>\n<td style=\"padding: 10px;\"><span style=\"vertical-align: inherit;\">Derecho a modificar los datos personales de su titularidad que resulten inexactos o err\u00f3neos.<\/span><\/td>\n<\/tr>\n<tr>\n<td style=\"padding: 10px;\" width=\"190\"><strong><span style=\"vertical-align: inherit;\">cancelaci\u00f3n<\/span><\/strong><\/td>\n<td style=\"padding: 10px;\"><span style=\"vertical-align: inherit;\">Puede solicitar la supresi\u00f3n de datos personales cuando, entre otros, los datos ya no sean necesarias para las finalidades para las que fueron cedidas.<\/span><\/td>\n<\/tr>\n<tr>\n<td style=\"padding: 10px;\" width=\"190\"><strong><span style=\"vertical-align: inherit;\">oposici\u00f3n<\/span><\/strong><\/td>\n<td style=\"padding: 10px;\"><span style=\"vertical-align: inherit;\">En determinadas circunstancias y por motivos relacionados con su situaci\u00f3n particular, podr\u00e1 oponerse al tratamiento de datos personales. CAROL GASTRONOM\u00cdA, SL dejar\u00e1 de tratar los datos, excepto por motivos leg\u00edtimos irrenunciables o para el ejercicio y defensa de posibles reclamaciones.<\/span><\/td>\n<\/tr>\n<tr>\n<td style=\"padding: 10px;\" width=\"190\"><strong><span style=\"vertical-align: inherit;\">Limitaci\u00f3n del tratamiento<\/span><\/strong><\/td>\n<td style=\"padding: 10px;\">\n<p><span style=\"vertical-align: inherit;\">A la vista de su condici\u00f3n de titular de sus datos personales puede solicitar la limitaci\u00f3n en el tratamiento de estas durante los siguientes supuestos:<\/span><\/p>\n<ul>\n<li><span style=\"vertical-align: inherit;\">Durante la comprobaci\u00f3n de la exactitud de sus datos.<\/span><\/li>\n<li><span style=\"vertical-align: inherit;\">Cuando el tratamiento que se est\u00e9 realizando de sus datos personales sea il\u00edcito, pero no pretenda ejercer la oposici\u00f3n a la supresi\u00f3n de estas.<\/span><\/li>\n<li><span style=\"vertical-align: inherit;\">Cuando CAROL GASTRONOM\u00cdA, SL no tenga que tratar sus datos, por cualquiera de los motivos aceptados, pero las necesite para el ejercicio o defensa de reclamaciones.<\/span><\/li>\n<li><span style=\"vertical-align: inherit;\">Cuando se haya producido la oposici\u00f3n al tratamiento de sus datos personales para el cumplimiento de una misi\u00f3n de inter\u00e9s p\u00fablico o para la satisfacci\u00f3n de un inter\u00e9s leg\u00edtimo, durante el tiempo que se verifique si los motivos leg\u00edtimos para el tratamiento prevalecen sobre los particulares del Usuario.<\/span><\/li>\n<\/ul>\n<\/td>\n<\/tr>\n<tr>\n<td style=\"padding: 10px;\" width=\"190\"><strong><span style=\"vertical-align: inherit;\">Portabilidad de los datos personales<\/span><\/strong><\/td>\n<td style=\"padding: 10px;\"><span style=\"vertical-align: inherit;\">Derecho a recibir en formato electr\u00f3nico los datos personales de su titularidad que haya facilitado a CAROL GASTRONOM\u00cdA, SL, as\u00ed como solicitar que las cedemos a un tercero elegido por el interesado.<\/span><\/td>\n<\/tr>\n<\/tbody>\n<\/table>\n<p>&nbsp;<\/p>\n<p><span style=\"vertical-align: inherit;\">Estos derechos podr\u00e1n ser ejercitados gratuitamente por el Usuario y, en su caso quien lo represente, mediante solicitud escrita y firmada dirigida a la siguiente direcci\u00f3n social de CAROL GASTRONOM\u00cdA, SL, en la Avda. Mestre Muntaner, 44, 08700 de Igualada (Barcelona).<\/span><\/p>\n<p><span style=\"vertical-align: inherit;\">Esta solicitud deber\u00e1 contener la referencia \u00abProtecci\u00f3n de datos\u00bb y deber\u00e1 incluir los siguientes datos: Nombre y apellidos del Usuario, domicilio a efectos de notificaciones, fotocopia del Documento Nacional de Identidad o Pasaporte, y petici\u00f3n en que se concreta la solicitud. En el caso de representaci\u00f3n, \u00e9sta deber\u00e1 probarse mediante documento fehaciente.<\/span><\/p>\n<p><span style=\"vertical-align: inherit;\">Sin embargo, y siendo incluso aconsejada su utilizaci\u00f3n prioritaria para garantizar mayor celeridad, el Usuario podr\u00e1 ejercitar estos derechos a trav\u00e9s del correo electr\u00f3nico <\/span><a href=\"mailto:info@uauu.cat\"><span style=\"vertical-align: inherit;\">info@uauu.cat<\/span><\/a><span style=\"vertical-align: inherit;\"> , incluyendo id\u00e9ntica informaci\u00f3n a la referida en el caso de petici\u00f3n por correo postal, incorporando en el asunto del e-mail \u00abProtecci\u00f3n de datos\u00bb.<\/span><\/p>\n<p><span style=\"vertical-align: inherit;\">Adem\u00e1s de los anteriores derechos, el Usuario tendr\u00e1 derecho a retirar el consentimiento otorgado en cualquier momento mediante el procedimiento anteriormente descrito, sin que esta retirada afecte a la licitud del tratamiento anterior. CAROL GASTRONOM\u00cdA, SL podr\u00e1 continuar tratando los datos del Usuario en la medida en que la normativa aplicable lo permita.<\/span><\/p>\n<p><span style=\"vertical-align: inherit;\">CAROL GASTRONOM\u00cdA, SL recuerda al Usuario que tiene derecho a presentar una reclamaci\u00f3n ante la autoridad de control pertinente.<\/span><\/p>\n<h3><span style=\"vertical-align: inherit;\">Baja en el servicio de env\u00edo de comunicaciones de actualidad y newsletters<\/span><\/h3>\n<p><span style=\"vertical-align: inherit;\">El Usuario tiene derecho a revocar, en cualquier momento, el consentimiento prestado para el env\u00edo de comunicaciones comerciales e informativas, a trav\u00e9s de los canales habilitados al efecto, solicit\u00e1ndose no seguir recibiendo este tipo de comunicaciones. Es por ello que el Usuario podr\u00e1, o bien revocar su consentimiento, o bien pulsando en el enlace incluido en cada comunicado comercial cancel\u00e1ndose autom\u00e1ticamente el env\u00edo de comunicaciones comerciales e informativas electr\u00f3nicas.<\/span><\/p>\n<p>&nbsp;<\/p>\n<h2><span style=\"vertical-align: inherit;\">4.- PROCEDENCIA DE LOS DATOS<\/span><\/h2>\n<p><span style=\"vertical-align: inherit;\">Los datos cedidos a CAROL GASTRONOM\u00cdA, SL pueden proceder de diferentes medios habilitados al efecto:<\/span><\/p>\n<ul>\n<li><span style=\"vertical-align: inherit;\">Informaci\u00f3n facilitada cuando se suscribe un contrato de prestaci\u00f3n de servicios con CAROL GASTRONOM\u00cdA, SL.<\/span><\/li>\n<li><span style=\"vertical-align: inherit;\">Informaci\u00f3n facilitada cuando se produce una aceptaci\u00f3n de presupuesto de honorarios, el cual adopta la forma de compromiso prestacional.<\/span><\/li>\n<li><span style=\"vertical-align: inherit;\">Cuando se ha dado de alta en algunos de los canales de env\u00edo de informaci\u00f3n relacionada con la actividad de CAROL GASTRONOM\u00cdA, SL.<\/span><\/li>\n<li><span style=\"vertical-align: inherit;\">Cuando ha realizado un encargo determinado, incluyendo la encomienda verbal, para la gesti\u00f3n y tramitaci\u00f3n de determinados servicios y \/ o productos ofrecidos por CAROL GASTRONOM\u00cdA, SL que no requieren, por su entidad, de una formalizaci\u00f3n contractual en formato documental y escrita.<\/span><\/li>\n<li><span style=\"vertical-align: inherit;\">Cuando se ha puesto en contacto con la empresa, por cualquier motivo relacionado con su actividad, a trav\u00e9s de correo electr\u00f3nico, de manera presencial o mediante llamada telef\u00f3nica.<\/span><\/li>\n<li><span style=\"vertical-align: inherit;\">Cuando se realiza una consulta presencial o telef\u00f3nica.<\/span><\/li>\n<li><span style=\"vertical-align: inherit;\">Cuando se presenta una queja, reclamaci\u00f3n o sugerencia.<\/span><\/li>\n<\/ul>\n<p><span style=\"vertical-align: inherit;\">El Usuario recibir\u00e1 toda la informaci\u00f3n referente al tratamiento de sus datos personales de acuerdo con la presente Pol\u00edtica de Privacidad a la vista de la legitimaci\u00f3n contractual que avala la cesi\u00f3n y tratamiento de los datos necesarios para la prestaci\u00f3n de servicios por parte de CAROL GASTRONOM\u00cdA, SL. Sin embargo, al interesado se le ofrecer\u00e1 la posibilidad de prestar su consentimiento expreso para el tratamiento de sus datos con fines diferentes a los principales.<\/span><\/p>\n<h3><span style=\"vertical-align: inherit;\">A partir de qu\u00e9 edad puede Usuario acceder a los productos y servicios de CAROL GASTRONOM\u00cdA, SL?<\/span><\/h3>\n<p><span style=\"vertical-align: inherit;\">Los servicios de CAROL GASTRONOM\u00cdA, SL, en principio, no se dirigen a menores de 18 a\u00f1os y, por tanto, tampoco su web. Al aceptar la presente Pol\u00edtica de Privacidad, el Usuario declara y garantiza que es mayor de 18 a\u00f1os. Se tratar\u00e1n de manera excepcional los supuestos de prestaci\u00f3n de servicios a menores, exigiendo las autorizaciones y consentimientos necesarios, establecidos por la legislaci\u00f3n aplicable en cada caso, por parte de los padres o tutores legales.<\/span><\/p>\n<p>&nbsp;<\/p>\n<h2><span style=\"vertical-align: inherit;\">5.- MEDIDAS DE SEGURIDAD DE GARANT\u00cdA DE CONFIDENCIALIDAD Y SEGURIDAD<\/span><\/h2>\n<h3><span style=\"vertical-align: inherit;\">\u00bfQu\u00e9 medidas de seguridad tenemos implementadas?<\/span><\/h3>\n<p><span style=\"vertical-align: inherit;\">CAROL GASTRONOM\u00cdA, SL se compromete al cumplimiento de su obligaci\u00f3n de secreto de los datos de car\u00e1cter personal y su deber de guardarlos, y adoptar\u00e1 las medidas necesarias para evitar su alteraci\u00f3n, p\u00e9rdida, tratamiento o acceso no autorizado, de acuerdo con los condicionantes y requisitos establecidos por la normativa aplicable.<\/span><\/p>\n<p><span style=\"vertical-align: inherit;\">CAROL GASTRONOM\u00cdA, SL tiene plantadas las medidas de seguridad de \u00edndole t\u00e9cnica y organizativas necesarias para garantizar la seguridad de los datos de car\u00e1cter personal de sus clientes y usuarios y evitar su alteraci\u00f3n, p\u00e9rdida y tratamiento y \/ o acceso no autorizado, habida en cuenta el estado de la tecnolog\u00eda, la naturaleza de los datos almacenados y los riesgos a que est\u00e1n expuestos, ya provengan de la acci\u00f3n humana o del medio f\u00edsico o natural, de acuerdo con lo establecido en la normativa aplicable.<\/span><\/p>\n<p><span style=\"vertical-align: inherit;\">CAROL GASTRONOM\u00cdA, SL, preocupada por la privacidad, en orden a reforzar la confidencialidad e integridad de la informaci\u00f3n en su organizaci\u00f3n, mantiene continuamente la supervisi\u00f3n, control y evaluaci\u00f3n de sus procesos para asegurar el respeto a la privacidad y seguridad de la informaci\u00f3n, seg\u00fan los est\u00e1ndares internacionales.<\/span><\/p>\n<h3><span style=\"vertical-align: inherit;\">Uso de cookies<\/span><\/h3>\n<p><span style=\"vertical-align: inherit;\">Nuestra p\u00e1gina web utiliza cookies \u00fanicamente para el correcto funcionamiento de la p\u00e1gina <\/span><a href=\"https:\/\/www.uauu.cat\/www\"><span style=\"vertical-align: inherit;\">www.uauu.cat<\/span><\/a><span style=\"vertical-align: inherit;\"> .<\/span><\/p>\n[\/et_pb_text][\/et_pb_column][\/et_pb_row][\/et_pb_section]\n","protected":false},"excerpt":{"rendered":"<p>Pol\u00edtica de privacidad y protecci\u00f3n de datosEn cumplimiento de las obligaciones legales establecidas en el Reglamento (UE) 2016\/679 del Parlamento Europeo y del Consejo, de 27 de abril de 2016, relativo a la protecci\u00f3n de las personas f\u00edsicas en lo que respecta al tratamiento de datos personales ya la libre circulaci\u00f3n de estos datos (RGPD) [&hellip;]<\/p>\n","protected":false},"author":4,"featured_media":0,"parent":0,"menu_order":0,"comment_status":"closed","ping_status":"closed","template":"","meta":{"_et_pb_use_builder":"on","_et_pb_old_content":"","_et_gb_content_width":"","_monsterinsights_skip_tracking":false,"_monsterinsights_sitenote_active":false,"_monsterinsights_sitenote_note":"","_monsterinsights_sitenote_category":0,"_joinchat":[],"footnotes":""},"class_list":["post-221068","page","type-page","status-publish","hentry"],"yoast_head":"<!-- This site is optimized with the Yoast SEO plugin v27.4 - https:\/\/yoast.com\/product\/yoast-seo-wordpress\/ -->\n<title>Pol\u00edtica de privacidad - UAUU weddings &amp; events<\/title>\n<meta name=\"robots\" content=\"index, follow, max-snippet:-1, max-image-preview:large, max-video-preview:-1\" \/>\n<link rel=\"canonical\" href=\"https:\/\/www.uauu.cat\/es\/politica-de-privacidad\/\" \/>\n<meta property=\"og:locale\" content=\"es_ES\" \/>\n<meta property=\"og:type\" content=\"article\" \/>\n<meta property=\"og:title\" content=\"Pol\u00edtica de privacidad - UAUU weddings &amp; events\" \/>\n<meta property=\"og:description\" content=\"Pol\u00edtica de privacidad y protecci\u00f3n de datosEn cumplimiento de las obligaciones legales establecidas en el Reglamento (UE) 2016\/679 del Parlamento Europeo y del Consejo, de 27 de abril de 2016, relativo a la protecci\u00f3n de las personas f\u00edsicas en lo que respecta al tratamiento de datos personales ya la libre circulaci\u00f3n de estos datos (RGPD) [&hellip;]\" \/>\n<meta property=\"og:url\" content=\"https:\/\/www.uauu.cat\/es\/politica-de-privacidad\/\" \/>\n<meta property=\"og:site_name\" content=\"UAUU weddings &amp; events\" \/>\n<meta property=\"article:publisher\" content=\"https:\/\/www.facebook.com\/EspaiGastronomia\/\" \/>\n<meta property=\"article:modified_time\" content=\"2025-10-02T10:43:26+00:00\" \/>\n<meta property=\"og:image\" content=\"https:\/\/www.uauu.cat\/wp-content\/uploads\/2016\/09\/casament-can-macia-espai-gastronomia19.jpg\" \/>\n\t<meta property=\"og:image:width\" content=\"1398\" \/>\n\t<meta property=\"og:image:height\" content=\"930\" \/>\n\t<meta property=\"og:image:type\" content=\"image\/jpeg\" \/>\n<meta name=\"twitter:card\" content=\"summary_large_image\" \/>\n<meta name=\"twitter:site\" content=\"@E_Gastronomia\" \/>\n<meta name=\"twitter:label1\" content=\"Tiempo de lectura\" \/>\n\t<meta name=\"twitter:data1\" content=\"11 minutos\" \/>\n<script type=\"application\/ld+json\" class=\"yoast-schema-graph\">{\"@context\":\"https:\\\/\\\/schema.org\",\"@graph\":[{\"@type\":\"WebPage\",\"@id\":\"https:\\\/\\\/www.uauu.cat\\\/es\\\/politica-de-privacidad\\\/\",\"url\":\"https:\\\/\\\/www.uauu.cat\\\/es\\\/politica-de-privacidad\\\/\",\"name\":\"Pol\u00edtica de privacidad - UAUU weddings &amp; events\",\"isPartOf\":{\"@id\":\"https:\\\/\\\/www.uauu.cat\\\/es\\\/#website\"},\"datePublished\":\"2025-02-13T16:22:46+00:00\",\"dateModified\":\"2025-10-02T10:43:26+00:00\",\"breadcrumb\":{\"@id\":\"https:\\\/\\\/www.uauu.cat\\\/es\\\/politica-de-privacidad\\\/#breadcrumb\"},\"inLanguage\":\"es\",\"potentialAction\":[{\"@type\":\"ReadAction\",\"target\":[\"https:\\\/\\\/www.uauu.cat\\\/es\\\/politica-de-privacidad\\\/\"]}]},{\"@type\":\"BreadcrumbList\",\"@id\":\"https:\\\/\\\/www.uauu.cat\\\/es\\\/politica-de-privacidad\\\/#breadcrumb\",\"itemListElement\":[{\"@type\":\"ListItem\",\"position\":1,\"name\":\"Home\",\"item\":\"https:\\\/\\\/www.uauu.cat\\\/es\\\/\"},{\"@type\":\"ListItem\",\"position\":2,\"name\":\"Pol\u00edtica de privacidad\"}]},{\"@type\":\"WebSite\",\"@id\":\"https:\\\/\\\/www.uauu.cat\\\/es\\\/#website\",\"url\":\"https:\\\/\\\/www.uauu.cat\\\/es\\\/\",\"name\":\"UAUU\",\"description\":\"Ca n\u2019Alzina, Can Maci\u00e0, Castell de Tous, Mas Vivencs\",\"publisher\":{\"@id\":\"https:\\\/\\\/www.uauu.cat\\\/es\\\/#organization\"},\"potentialAction\":[{\"@type\":\"SearchAction\",\"target\":{\"@type\":\"EntryPoint\",\"urlTemplate\":\"https:\\\/\\\/www.uauu.cat\\\/es\\\/?s={search_term_string}\"},\"query-input\":{\"@type\":\"PropertyValueSpecification\",\"valueRequired\":true,\"valueName\":\"search_term_string\"}}],\"inLanguage\":\"es\"},{\"@type\":\"Organization\",\"@id\":\"https:\\\/\\\/www.uauu.cat\\\/es\\\/#organization\",\"name\":\"Espai gastronomia\",\"url\":\"https:\\\/\\\/www.uauu.cat\\\/es\\\/\",\"logo\":{\"@type\":\"ImageObject\",\"inLanguage\":\"es\",\"@id\":\"https:\\\/\\\/www.uauu.cat\\\/es\\\/#\\\/schema\\\/logo\\\/image\\\/\",\"url\":\"https:\\\/\\\/www.uauu.cat\\\/wp-content\\\/uploads\\\/2024\\\/04\\\/uauu-logo-1.png\",\"contentUrl\":\"https:\\\/\\\/www.uauu.cat\\\/wp-content\\\/uploads\\\/2024\\\/04\\\/uauu-logo-1.png\",\"width\":350,\"height\":113,\"caption\":\"Espai gastronomia\"},\"image\":{\"@id\":\"https:\\\/\\\/www.uauu.cat\\\/es\\\/#\\\/schema\\\/logo\\\/image\\\/\"},\"sameAs\":[\"https:\\\/\\\/www.facebook.com\\\/EspaiGastronomia\\\/\",\"https:\\\/\\\/x.com\\\/E_Gastronomia\",\"https:\\\/\\\/www.instagram.com\\\/espai.gastronomia\\\/\"]}]}<\/script>\n<!-- \/ Yoast SEO plugin. -->","yoast_head_json":{"title":"Pol\u00edtica de privacidad - UAUU weddings &amp; events","robots":{"index":"index","follow":"follow","max-snippet":"max-snippet:-1","max-image-preview":"max-image-preview:large","max-video-preview":"max-video-preview:-1"},"canonical":"https:\/\/www.uauu.cat\/es\/politica-de-privacidad\/","og_locale":"es_ES","og_type":"article","og_title":"Pol\u00edtica de privacidad - UAUU weddings &amp; events","og_description":"Pol\u00edtica de privacidad y protecci\u00f3n de datosEn cumplimiento de las obligaciones legales establecidas en el Reglamento (UE) 2016\/679 del Parlamento Europeo y del Consejo, de 27 de abril de 2016, relativo a la protecci\u00f3n de las personas f\u00edsicas en lo que respecta al tratamiento de datos personales ya la libre circulaci\u00f3n de estos datos (RGPD) [&hellip;]","og_url":"https:\/\/www.uauu.cat\/es\/politica-de-privacidad\/","og_site_name":"UAUU weddings &amp; events","article_publisher":"https:\/\/www.facebook.com\/EspaiGastronomia\/","article_modified_time":"2025-10-02T10:43:26+00:00","og_image":[{"width":1398,"height":930,"url":"https:\/\/www.uauu.cat\/wp-content\/uploads\/2016\/09\/casament-can-macia-espai-gastronomia19.jpg","type":"image\/jpeg"}],"twitter_card":"summary_large_image","twitter_site":"@E_Gastronomia","twitter_misc":{"Tiempo de lectura":"11 minutos"},"schema":{"@context":"https:\/\/schema.org","@graph":[{"@type":"WebPage","@id":"https:\/\/www.uauu.cat\/es\/politica-de-privacidad\/","url":"https:\/\/www.uauu.cat\/es\/politica-de-privacidad\/","name":"Pol\u00edtica de privacidad - UAUU weddings &amp; events","isPartOf":{"@id":"https:\/\/www.uauu.cat\/es\/#website"},"datePublished":"2025-02-13T16:22:46+00:00","dateModified":"2025-10-02T10:43:26+00:00","breadcrumb":{"@id":"https:\/\/www.uauu.cat\/es\/politica-de-privacidad\/#breadcrumb"},"inLanguage":"es","potentialAction":[{"@type":"ReadAction","target":["https:\/\/www.uauu.cat\/es\/politica-de-privacidad\/"]}]},{"@type":"BreadcrumbList","@id":"https:\/\/www.uauu.cat\/es\/politica-de-privacidad\/#breadcrumb","itemListElement":[{"@type":"ListItem","position":1,"name":"Home","item":"https:\/\/www.uauu.cat\/es\/"},{"@type":"ListItem","position":2,"name":"Pol\u00edtica de privacidad"}]},{"@type":"WebSite","@id":"https:\/\/www.uauu.cat\/es\/#website","url":"https:\/\/www.uauu.cat\/es\/","name":"UAUU","description":"Ca n\u2019Alzina, Can Maci\u00e0, Castell de Tous, Mas Vivencs","publisher":{"@id":"https:\/\/www.uauu.cat\/es\/#organization"},"potentialAction":[{"@type":"SearchAction","target":{"@type":"EntryPoint","urlTemplate":"https:\/\/www.uauu.cat\/es\/?s={search_term_string}"},"query-input":{"@type":"PropertyValueSpecification","valueRequired":true,"valueName":"search_term_string"}}],"inLanguage":"es"},{"@type":"Organization","@id":"https:\/\/www.uauu.cat\/es\/#organization","name":"Espai gastronomia","url":"https:\/\/www.uauu.cat\/es\/","logo":{"@type":"ImageObject","inLanguage":"es","@id":"https:\/\/www.uauu.cat\/es\/#\/schema\/logo\/image\/","url":"https:\/\/www.uauu.cat\/wp-content\/uploads\/2024\/04\/uauu-logo-1.png","contentUrl":"https:\/\/www.uauu.cat\/wp-content\/uploads\/2024\/04\/uauu-logo-1.png","width":350,"height":113,"caption":"Espai gastronomia"},"image":{"@id":"https:\/\/www.uauu.cat\/es\/#\/schema\/logo\/image\/"},"sameAs":["https:\/\/www.facebook.com\/EspaiGastronomia\/","https:\/\/x.com\/E_Gastronomia","https:\/\/www.instagram.com\/espai.gastronomia\/"]}]}},"_links":{"self":[{"href":"https:\/\/www.uauu.cat\/es\/wp-json\/wp\/v2\/pages\/221068","targetHints":{"allow":["GET"]}}],"collection":[{"href":"https:\/\/www.uauu.cat\/es\/wp-json\/wp\/v2\/pages"}],"about":[{"href":"https:\/\/www.uauu.cat\/es\/wp-json\/wp\/v2\/types\/page"}],"author":[{"embeddable":true,"href":"https:\/\/www.uauu.cat\/es\/wp-json\/wp\/v2\/users\/4"}],"replies":[{"embeddable":true,"href":"https:\/\/www.uauu.cat\/es\/wp-json\/wp\/v2\/comments?post=221068"}],"version-history":[{"count":4,"href":"https:\/\/www.uauu.cat\/es\/wp-json\/wp\/v2\/pages\/221068\/revisions"}],"predecessor-version":[{"id":224471,"href":"https:\/\/www.uauu.cat\/es\/wp-json\/wp\/v2\/pages\/221068\/revisions\/224471"}],"wp:attachment":[{"href":"https:\/\/www.uauu.cat\/es\/wp-json\/wp\/v2\/media?parent=221068"}],"curies":[{"name":"wp","href":"https:\/\/api.w.org\/{rel}","templated":true}]}}